{"id":5,"date":"2018-05-16T11:27:03","date_gmt":"2018-05-16T09:27:03","guid":{"rendered":"http:\/\/gs-isernhinnerk.de\/?page_id=5"},"modified":"2026-01-12T14:38:42","modified_gmt":"2026-01-12T13:38:42","slug":"startseite","status":"publish","type":"page","link":"https:\/\/gs-isernhinnerk.de\/","title":{"rendered":"Startseite"},"content":{"rendered":"<div id=\"nolis_content_site\" class=\"nolis_content_site\">\n<div class=\"print_href print_abbr\">\n<div class=\"template template1\">\n<div class=\"platz platz1\">\n<div class=\"rahmen\">\n<div class=\"innen\"><\/div>\n<\/div>\n<\/div>\n<\/div>\n<\/div>\n<\/div>\n<p><strong style=\"font-size: 24px;\"><span style=\"color: #ff0000;\">Aktuell: 6.11.2025<br \/>\n<\/span><\/strong><\/p>\n<p><span style=\"color: #993366; font-size: 14pt;\"><strong>Unsere Emailadresse:<span style=\"color: #993366; font-size: 18pt;\"> sekretariat@isernhinnerk-apensen.de<\/span><\/strong><\/span><\/p>\n<p>Liebe Eltern,<img loading=\"lazy\" decoding=\"async\" class=\"wp-image-1187 alignright\" src=\"https:\/\/gs-isernhinnerk.de\/wp-content\/uploads\/2022\/05\/421A1911-1024x819.jpg\" alt=\"\" width=\"185\" height=\"148\" srcset=\"https:\/\/gs-isernhinnerk.de\/wp-content\/uploads\/2022\/05\/421A1911-1024x819.jpg 1024w, https:\/\/gs-isernhinnerk.de\/wp-content\/uploads\/2022\/05\/421A1911-300x240.jpg 300w, https:\/\/gs-isernhinnerk.de\/wp-content\/uploads\/2022\/05\/421A1911-768x614.jpg 768w, https:\/\/gs-isernhinnerk.de\/wp-content\/uploads\/2022\/05\/421A1911-1536x1229.jpg 1536w, https:\/\/gs-isernhinnerk.de\/wp-content\/uploads\/2022\/05\/421A1911-2048x1638.jpg 2048w, https:\/\/gs-isernhinnerk.de\/wp-content\/uploads\/2022\/05\/421A1911-188x150.jpg 188w, https:\/\/gs-isernhinnerk.de\/wp-content\/uploads\/2022\/05\/421A1911-150x120.jpg 150w\" sizes=\"auto, (max-width: 185px) 100vw, 185px\" \/><\/p>\n<p>herzlich willkommen auf der Homepage der Grundschule Isern Hinnerk. Ich bin die Schulleiterin Frau J\u00e4hnke und m\u00f6chte Sie \u00fcber Aktuelles (siehe auch Terminplan des Schuljahres unter <strong>&#8222;Termine&#8220;<\/strong>)und Gelebtes informieren.<\/p>\n<p><strong><span style=\"color: #ff00ff;\"><span style=\"font-size: 12pt;\">U<span style=\"font-family: georgia, palatino, serif;\">nsere Sekret\u00e4rin Frau Wehrenberg weist auf die neuen Zeiten hin, wann das Sekretariat f\u00fcr Sie erreichbar ist:<\/span><\/span><span style=\"color: #000000; font-family: georgia, palatino, serif;\">\u00a0<\/span><\/span><\/strong><br \/>\n<span style=\"font-size: 18pt;\"><strong><span style=\"font-family: georgia, palatino, serif;\"><span style=\"color: #ff00ff;\">Mo bis Fr von 7.45 h bis 12 h<\/span><\/span><\/strong><\/span><\/p>\n<p><span style=\"color: #ff00ff;\"><strong>Mittwochs und am Freitag ist das Sekretariat auch von Frau W\u00f6lfel zus\u00e4tzlich besetzt.<\/strong><\/span><\/p>\n<p><span style=\"color: #ff0000; font-size: 14pt;\"><strong>\u00a0<\/strong><\/span><span style=\"font-family: georgia, palatino, serif; font-size: 12pt;\">Mit freundlichen Gr\u00fc\u00dfen,\u00a0 \u00a0 \u00a0 \u00a0 \u00a0 <\/span><span style=\"font-size: 18.6667px; font-family: georgia, palatino, serif;\">C. J\u00e4hnke<\/span><\/p>\n<p><span style=\"color: #993366; font-size: 14pt;\"><strong><span style=\"color: #993366; font-size: 18pt;\">sekretariat@isernhinnerk-apensen.de<\/span><\/strong><\/span><\/p>\n<p>&nbsp;<\/p>\n<p>&nbsp;<\/p>\n<p><strong><span style=\"font-size: 14pt;\">Liebe Eltern kommender Einschulungskinder <span style=\"font-size: 18pt;\">2026<\/span>,<\/span><\/strong><\/p>\n<p><strong>Kinder, die bis zum <span style=\"font-size: 12pt;\">30. September 2020<\/span> geboren sind, werden n\u00e4chstes Jahr schulpflichtig<\/strong>.<\/p>\n<p><span style=\"color: #ff0000; font-size: 14pt;\">Bitte f\u00fcllen Sie Schulanmeldungen aus und schicken Sie diese an die Schule (bzw. werfen Sie diese in den Briefkasten).<\/span><\/p>\n<p>Es ist m\u00f6glich, Kinder, die<strong> ab dem 1. Juli 2020<\/strong> geboren worden sind, um ein Jahr zur\u00fcckzustellen (&#8222;Flexikinder&#8220;). Von den Erziehungsberechtigten muss dann eine schriftliche Erkl\u00e4rung bis sp\u00e4testens 1. Mai 2026 in der Schule abgegeben werden. (Siehe unten &#8222;Dok 5&#8220;).<br \/>\nAuf jeden Fall muss Ihr Kind jedoch zun\u00e4chst in der Schule angemeldet werden und an der Schuleingangsuntersuchung teilnehmen.<\/p>\n<p>Hier finden Sie alle Informationen zur Schulanmeldung. Bitte f\u00fcllen Sie die <span style=\"font-size: 12pt;\"><strong>Dokumente 1 und 2<\/strong><\/span> (Anmeldung und Sprachbiografie) auf jeden Fall aus. Die <strong><span style=\"font-size: 12pt;\">Dokumente 3 und 4<\/span> <\/strong>geben Ihnen vielleicht weitere Denkanst\u00f6\u00dfe. Denken Sie bitte auch daran, dass zur Einschulung ein <strong>vollst\u00e4ndiger Maserschutz nachgewiesen werden muss.<\/strong><br \/>\nBei Fragen melden Sie sich gerne bei uns: <span style=\"color: #ff0000; font-size: 14pt;\"><strong>sekretariat@isernhinnerk-apensen.de<\/strong><\/span>\u00a0 oder<br \/>\n<strong>telefonisch 04167-208<\/strong>.<\/p>\n<p>Mit besten Gr\u00fc\u00dfen,<\/p>\n<p>C. J\u00e4hnke<\/p>\n<p><a href=\"https:\/\/gs-isernhinnerk.de\/wp-content\/uploads\/2025\/05\/Schulanmeldung-APS.pdf\">Dok 1<\/a>, <a href=\"https:\/\/gs-isernhinnerk.de\/wp-content\/uploads\/2025\/05\/Sprachbiographie-fuer-Anmeldung-Einschulung.pdf\">Dok 2<\/a>, <a href=\"https:\/\/gs-isernhinnerk.de\/wp-content\/uploads\/2025\/05\/Informationsblatt-2025_Flexibilisierung_Einschulungstermin.pdf\">Dok 3<\/a>, <a href=\"https:\/\/gs-isernhinnerk.de\/wp-content\/uploads\/2025\/05\/4.-Schuleingangsvoraussetzungen.pdf\">Dok 4<\/a>, <a href=\"https:\/\/gs-isernhinnerk.de\/wp-content\/uploads\/2025\/05\/Verschiebung-Einschulung-Elternwunsch-26-27.pdf\">Dok 5<\/a><\/p>\n<p><span style=\"color: #993366; font-size: 14pt;\"><strong><span style=\"color: #993366; font-size: 18pt;\">sekretariat@isernhinnerk-apensen.de<\/span><\/strong><\/span><\/p>\n","protected":false},"excerpt":{"rendered":"<p>Aktuell: 6.11.2025 Unsere Emailadresse: sekretariat@isernhinnerk-apensen.de Liebe Eltern, herzlich willkommen auf der Homepage der Grundschule Isern Hinnerk. Ich bin die Schulleiterin Frau J\u00e4hnke und m\u00f6chte Sie \u00fcber Aktuelles (siehe auch Terminplan des Schuljahres unter &#8222;Termine&#8220;)und Gelebtes informieren. Unsere Sekret\u00e4rin Frau Wehrenberg weist auf die neuen Zeiten hin, wann das Sekretariat f\u00fcr\u2026<\/p>\n<p class=\"continue-reading-button\"> <a class=\"continue-reading-link\" href=\"https:\/\/gs-isernhinnerk.de\/\">Continue reading<i class=\"crycon-right-dir\"><\/i><\/a><\/p>\n","protected":false},"author":1,"featured_media":0,"parent":0,"menu_order":0,"comment_status":"closed","ping_status":"closed","template":"","meta":{"footnotes":""},"class_list":["post-5","page","type-page","status-publish","hentry"],"yoast_head":"<!-- This site is optimized with the Yoast SEO plugin v27.5 - https:\/\/yoast.com\/product\/yoast-seo-wordpress\/ -->\n<title>Startseite - GRUNDSCHULE ISERN HINNERK<\/title>\n<meta name=\"description\" content=\"Grundschule Isern Hinnerk in Apensen. Wir sind nicht nur \u201eMusikalische Grundschule\u201c, sondern unsere Schule ist durch eine Bildungsvielfalt gepr\u00e4gt.\" \/>\n<meta name=\"robots\" content=\"index, follow, max-snippet:-1, max-image-preview:large, max-video-preview:-1\" \/>\n<link rel=\"canonical\" href=\"https:\/\/gs-isernhinnerk.de\/\" \/>\n<meta property=\"og:locale\" content=\"de_DE\" \/>\n<meta property=\"og:type\" content=\"article\" \/>\n<meta property=\"og:title\" content=\"Startseite - GRUNDSCHULE ISERN HINNERK\" \/>\n<meta property=\"og:description\" content=\"Grundschule Isern Hinnerk in Apensen. Wir sind nicht nur \u201eMusikalische Grundschule\u201c, sondern unsere Schule ist durch eine Bildungsvielfalt gepr\u00e4gt.\" \/>\n<meta property=\"og:url\" content=\"https:\/\/gs-isernhinnerk.de\/\" \/>\n<meta property=\"og:site_name\" content=\"GRUNDSCHULE ISERN HINNERK\" \/>\n<meta property=\"article:modified_time\" content=\"2026-01-12T13:38:42+00:00\" \/>\n<meta property=\"og:image\" content=\"https:\/\/gs-isernhinnerk.de\/wp-content\/uploads\/2022\/05\/421A1911-scaled.jpg\" \/>\n\t<meta property=\"og:image:width\" content=\"2560\" \/>\n\t<meta property=\"og:image:height\" content=\"2048\" \/>\n\t<meta property=\"og:image:type\" content=\"image\/jpeg\" \/>\n<meta name=\"twitter:card\" content=\"summary_large_image\" \/>\n<meta name=\"twitter:label1\" content=\"Gesch\u00e4tzte Lesezeit\" \/>\n\t<meta name=\"twitter:data1\" content=\"2\u00a0Minuten\" \/>\n<script type=\"application\/ld+json\" class=\"yoast-schema-graph\">{\"@context\":\"https:\\\/\\\/schema.org\",\"@graph\":[{\"@type\":\"WebPage\",\"@id\":\"https:\\\/\\\/gs-isernhinnerk.de\\\/\",\"url\":\"https:\\\/\\\/gs-isernhinnerk.de\\\/\",\"name\":\"Startseite - GRUNDSCHULE ISERN HINNERK\",\"isPartOf\":{\"@id\":\"https:\\\/\\\/gs-isernhinnerk.de\\\/#website\"},\"primaryImageOfPage\":{\"@id\":\"https:\\\/\\\/gs-isernhinnerk.de\\\/#primaryimage\"},\"image\":{\"@id\":\"https:\\\/\\\/gs-isernhinnerk.de\\\/#primaryimage\"},\"thumbnailUrl\":\"https:\\\/\\\/gs-isernhinnerk.de\\\/wp-content\\\/uploads\\\/2022\\\/05\\\/421A1911-1024x819.jpg\",\"datePublished\":\"2018-05-16T09:27:03+00:00\",\"dateModified\":\"2026-01-12T13:38:42+00:00\",\"description\":\"Grundschule Isern Hinnerk in Apensen. Wir sind nicht nur \u201eMusikalische Grundschule\u201c, sondern unsere Schule ist durch eine Bildungsvielfalt gepr\u00e4gt.\",\"breadcrumb\":{\"@id\":\"https:\\\/\\\/gs-isernhinnerk.de\\\/#breadcrumb\"},\"inLanguage\":\"de\",\"potentialAction\":[{\"@type\":\"ReadAction\",\"target\":[\"https:\\\/\\\/gs-isernhinnerk.de\\\/\"]}]},{\"@type\":\"ImageObject\",\"inLanguage\":\"de\",\"@id\":\"https:\\\/\\\/gs-isernhinnerk.de\\\/#primaryimage\",\"url\":\"https:\\\/\\\/gs-isernhinnerk.de\\\/wp-content\\\/uploads\\\/2022\\\/05\\\/421A1911-scaled.jpg\",\"contentUrl\":\"https:\\\/\\\/gs-isernhinnerk.de\\\/wp-content\\\/uploads\\\/2022\\\/05\\\/421A1911-scaled.jpg\",\"width\":2560,\"height\":2048},{\"@type\":\"BreadcrumbList\",\"@id\":\"https:\\\/\\\/gs-isernhinnerk.de\\\/#breadcrumb\",\"itemListElement\":[{\"@type\":\"ListItem\",\"position\":1,\"name\":\"Startseite\",\"item\":\"https:\\\/\\\/gs-isernhinnerk.de\\\/\"},{\"@type\":\"ListItem\",\"position\":2,\"name\":\"Startseite\"}]},{\"@type\":\"WebSite\",\"@id\":\"https:\\\/\\\/gs-isernhinnerk.de\\\/#website\",\"url\":\"https:\\\/\\\/gs-isernhinnerk.de\\\/\",\"name\":\"GRUNDSCHULE ISERN HINNERK\",\"description\":\"Schulstra\u00dfe 11, 21641 Apensen\",\"potentialAction\":[{\"@type\":\"SearchAction\",\"target\":{\"@type\":\"EntryPoint\",\"urlTemplate\":\"https:\\\/\\\/gs-isernhinnerk.de\\\/?s={search_term_string}\"},\"query-input\":{\"@type\":\"PropertyValueSpecification\",\"valueRequired\":true,\"valueName\":\"search_term_string\"}}],\"inLanguage\":\"de\"}]}<\/script>\n<!-- \/ Yoast SEO plugin. -->","yoast_head_json":{"title":"Startseite - GRUNDSCHULE ISERN HINNERK","description":"Grundschule Isern Hinnerk in Apensen. Wir sind nicht nur \u201eMusikalische Grundschule\u201c, sondern unsere Schule ist durch eine Bildungsvielfalt gepr\u00e4gt.","robots":{"index":"index","follow":"follow","max-snippet":"max-snippet:-1","max-image-preview":"max-image-preview:large","max-video-preview":"max-video-preview:-1"},"canonical":"https:\/\/gs-isernhinnerk.de\/","og_locale":"de_DE","og_type":"article","og_title":"Startseite - GRUNDSCHULE ISERN HINNERK","og_description":"Grundschule Isern Hinnerk in Apensen. Wir sind nicht nur \u201eMusikalische Grundschule\u201c, sondern unsere Schule ist durch eine Bildungsvielfalt gepr\u00e4gt.","og_url":"https:\/\/gs-isernhinnerk.de\/","og_site_name":"GRUNDSCHULE ISERN HINNERK","article_modified_time":"2026-01-12T13:38:42+00:00","og_image":[{"width":2560,"height":2048,"url":"https:\/\/gs-isernhinnerk.de\/wp-content\/uploads\/2022\/05\/421A1911-scaled.jpg","type":"image\/jpeg"}],"twitter_card":"summary_large_image","twitter_misc":{"Gesch\u00e4tzte Lesezeit":"2\u00a0Minuten"},"schema":{"@context":"https:\/\/schema.org","@graph":[{"@type":"WebPage","@id":"https:\/\/gs-isernhinnerk.de\/","url":"https:\/\/gs-isernhinnerk.de\/","name":"Startseite - GRUNDSCHULE ISERN HINNERK","isPartOf":{"@id":"https:\/\/gs-isernhinnerk.de\/#website"},"primaryImageOfPage":{"@id":"https:\/\/gs-isernhinnerk.de\/#primaryimage"},"image":{"@id":"https:\/\/gs-isernhinnerk.de\/#primaryimage"},"thumbnailUrl":"https:\/\/gs-isernhinnerk.de\/wp-content\/uploads\/2022\/05\/421A1911-1024x819.jpg","datePublished":"2018-05-16T09:27:03+00:00","dateModified":"2026-01-12T13:38:42+00:00","description":"Grundschule Isern Hinnerk in Apensen. Wir sind nicht nur \u201eMusikalische Grundschule\u201c, sondern unsere Schule ist durch eine Bildungsvielfalt gepr\u00e4gt.","breadcrumb":{"@id":"https:\/\/gs-isernhinnerk.de\/#breadcrumb"},"inLanguage":"de","potentialAction":[{"@type":"ReadAction","target":["https:\/\/gs-isernhinnerk.de\/"]}]},{"@type":"ImageObject","inLanguage":"de","@id":"https:\/\/gs-isernhinnerk.de\/#primaryimage","url":"https:\/\/gs-isernhinnerk.de\/wp-content\/uploads\/2022\/05\/421A1911-scaled.jpg","contentUrl":"https:\/\/gs-isernhinnerk.de\/wp-content\/uploads\/2022\/05\/421A1911-scaled.jpg","width":2560,"height":2048},{"@type":"BreadcrumbList","@id":"https:\/\/gs-isernhinnerk.de\/#breadcrumb","itemListElement":[{"@type":"ListItem","position":1,"name":"Startseite","item":"https:\/\/gs-isernhinnerk.de\/"},{"@type":"ListItem","position":2,"name":"Startseite"}]},{"@type":"WebSite","@id":"https:\/\/gs-isernhinnerk.de\/#website","url":"https:\/\/gs-isernhinnerk.de\/","name":"GRUNDSCHULE ISERN HINNERK","description":"Schulstra\u00dfe 11, 21641 Apensen","potentialAction":[{"@type":"SearchAction","target":{"@type":"EntryPoint","urlTemplate":"https:\/\/gs-isernhinnerk.de\/?s={search_term_string}"},"query-input":{"@type":"PropertyValueSpecification","valueRequired":true,"valueName":"search_term_string"}}],"inLanguage":"de"}]}},"_links":{"self":[{"href":"https:\/\/gs-isernhinnerk.de\/index.php?rest_route=\/wp\/v2\/pages\/5","targetHints":{"allow":["GET"]}}],"collection":[{"href":"https:\/\/gs-isernhinnerk.de\/index.php?rest_route=\/wp\/v2\/pages"}],"about":[{"href":"https:\/\/gs-isernhinnerk.de\/index.php?rest_route=\/wp\/v2\/types\/page"}],"author":[{"embeddable":true,"href":"https:\/\/gs-isernhinnerk.de\/index.php?rest_route=\/wp\/v2\/users\/1"}],"replies":[{"embeddable":true,"href":"https:\/\/gs-isernhinnerk.de\/index.php?rest_route=%2Fwp%2Fv2%2Fcomments&post=5"}],"version-history":[{"count":266,"href":"https:\/\/gs-isernhinnerk.de\/index.php?rest_route=\/wp\/v2\/pages\/5\/revisions"}],"predecessor-version":[{"id":1655,"href":"https:\/\/gs-isernhinnerk.de\/index.php?rest_route=\/wp\/v2\/pages\/5\/revisions\/1655"}],"wp:attachment":[{"href":"https:\/\/gs-isernhinnerk.de\/index.php?rest_route=%2Fwp%2Fv2%2Fmedia&parent=5"}],"curies":[{"name":"wp","href":"https:\/\/api.w.org\/{rel}","templated":true}]}}